{"id":367,"date":"2018-06-21T15:59:59","date_gmt":"2018-06-21T15:59:59","guid":{"rendered":"https:\/\/www.chalets-fontromeu.com\/region\/"},"modified":"2023-01-05T15:13:04","modified_gmt":"2023-01-05T15:13:04","slug":"region","status":"publish","type":"page","link":"https:\/\/www.chalets-fontromeu.com\/es\/region\/","title":{"rendered":"Region"},"content":{"rendered":"<div class=\"wpb-content-wrapper\"><p>[vc_row][vc_column][vc_single_image image=\u00bb374&#8243; img_size=\u00bb1900&#215;500&#8243;][\/vc_column][\/vc_row][vc_row][vc_column]<div class=\"wrappedcontent\">[vc_column_text]<\/p>\n<h3><span style=\"color: #333333;\">Vacances d&#8217;hivern al bell mig dels Pirineus<\/span><\/h3>\n<p>[\/vc_column_text][vc_empty_space height=\u00bb40px\u00bb][vc_column_text]<\/p>\n<p style=\"text-align: center;\"><iframe loading=\"lazy\" src=\"https:\/\/www.youtube.com\/embed\/pkM1TglkZW0\" width=\"70%\" height=\"343\" frameborder=\"0\" allowfullscreen=\"allowfullscreen\"><span data-mce-type=\"bookmark\" style=\"display: inline-block; width: 0px; overflow: hidden; line-height: 0;\" class=\"mce_SELRES_start\">\ufeff<\/span><\/iframe><\/p>\n<p>[\/vc_column_text]<\/div>[\/vc_column][\/vc_row][vc_row css=\u00bb.vc_custom_1529673191531{background-color: #e8e8e8 !important;}\u00bb][vc_column]<div class=\"wrappedcontent\">[vc_column_text]<\/p>\n<h4 style=\"text-align: center;\"><span style=\"color: #333333;\">\u2014<\/span> Font-Romeu, Odell\u00f3 i Vi\u00e0<span style=\"color: #333333;\">\u00a0\u2014<\/span><\/h4>\n<p>[\/vc_column_text][vc_empty_space height=\u00bb25px\u00bb][vc_column_text]Situat al bell mig dels Pirineus Catalans, Font-Romeu domina l&#8217;altipl\u00e0 de la Cerdanya, vall alta boscosa i verdosa, amb nombrosos boscos de pins.<\/p>\n<p>Pyr\u00e9n\u00e9es 2000, coneguda estaci\u00f3 d&#8217;esports d&#8217;hivern, us acull en un domini esquiable modern i recent: esqu\u00ed alp\u00ed, esqu\u00ed de fons, trineu,&#8230;[\/vc_column_text][vc_empty_space][vc_masonry_media_grid element_width=\u00bb3&#8243; gap=\u00bb10&#8243; item=\u00bb38&#8243; grid_id=\u00bbvc_gid:1672931532289-b22b81ef-caff-9&#8243; include=\u00bb376,375,381,377&#8243;]<\/div>[\/vc_column][\/vc_row][vc_row][vc_column]<div class=\"wrappedcontent\">[vc_column_text]<\/p>\n<h4 style=\"text-align: center;\"><span style=\"color: #333333;\">\u2014<\/span> Domini esquiable Font-Romeu Pyr\u00e9n\u00e9es 2000<span style=\"color: #333333;\">\u00a0\u2014<\/span><\/h4>\n<p>[\/vc_column_text][vc_empty_space height=\u00bb25px\u00bb][vc_column_text]Disposem de 40 pistes al domini de Font-Romeu Pyr\u00e9n\u00e9es 2000. Un espai per als principiants permet iniciar-se en els esports de lliscament en total tranquil\u00b7litat, i per als m\u00e9s \u00abagosarats\u00bb, disposem d&#8217;un boarder cross i d&#8217;un dual slalom. Els amants de l&#8217;esqu\u00ed de fons disposen d&#8217;11\u00a0km de pistes d&#8217;esqu\u00ed de fons tra\u00e7ades i abalisades, amb circuits esportius l\u00fadics per gaudir d&#8217;un magn\u00edfic paisatge d&#8217;hivern.<\/p>\n<p>A l&#8217;hivern, calceu-vos les raquetes per rec\u00f3rrer els diferents circuits: circuit de Les Airelles, del coll del Pam, Ecureuils,\u2026 Gr\u00e0cies al seu clima i la insolaci\u00f3, tornareu amb l&#8217;energia renovada![\/vc_column_text][vc_empty_space height=\u00bb25px\u00bb]<div class=\"text-center btnwrap\"><a class=\"btn btn-huttopia-cta\" href=\"http:\/\/checkout.huttopia.com\/redirect\/es\/879\" role=\"button\" target=\"\" onclick=\"dataLayer.push({'event':'clickCity', 'clickText':'Reserva tu estancia'})\">Reserva tu estancia<\/a><\/div><\/div>[\/vc_column][\/vc_row][vc_row css=\u00bb.vc_custom_1529675099667{background-color: #e8e8e8 !important;}\u00bb][vc_column]<div class=\"wrappedcontent\">[vc_masonry_media_grid element_width=\u00bb3&#8243; gap=\u00bb10&#8243; item=\u00bb37&#8243; grid_id=\u00bbvc_gid:1672931532299-8ee0344e-f583-7&#8243; include=\u00bb372,371,378,379&#8243;]<\/div>[\/vc_column][\/vc_row][vc_row][vc_column]<div class=\"wrappedcontent\">[vc_column_text]<\/p>\n<h4 style=\"text-align: center;\"><span style=\"color: #333333;\">\u2014<\/span> \u00a0La muntanya en fam\u00edlia<span style=\"color: #333333;\">\u00a0\u2014<\/span><\/h4>\n<p>[\/vc_column_text][vc_empty_space height=\u00bb25px\u00bb][vc_column_text]El domini esquiable us ofereix un espai de lliscament l\u00fadic destinat als menuts de la casa. Pistes de trineu, teleskibaby o descoberta de petjades d&#8217;animals,&#8230; Tot de franc!<\/p>\n<p>Per allargar l&#8217;experi\u00e8ncia, direcci\u00f3 al Parc d&#8217;animals de Castell de Vernet, que acull llops, muflons, \u00f3ssos i diverses esp\u00e8cies d&#8217;aus al peu del Canig\u00f3. Visita obligada.[\/vc_column_text]<\/div>[\/vc_column][\/vc_row][vc_row css=\u00bb.vc_custom_1529674835998{background-color: #e8e8e8 !important;}\u00bb][vc_column]<div class=\"wrappedcontent\">[vc_column_text]<\/p>\n<h4 style=\"text-align: center;\"><span style=\"color: #333333;\">\u2014<\/span> Escapada de relaxaci\u00f3 i d&#8217;autenticitat<span style=\"color: #333333;\">\u00a0\u2014<\/span><\/h4>\n<p>[\/vc_column_text][vc_empty_space height=\u00bb25px\u00bb][vc_column_text]Font-Romeu, Odell\u00f3 i Vi\u00e0, un patrimoni arquitect\u00f2nic molt ric. Visiteu la capella de l\u2019Ermitatge,\u00a0el Forn Solar, el Tren Groc,&#8230; Visiteu els forts, les esgl\u00e9sies, les ciutadelles, mostres de l&#8217;Art rom\u00e0, molt representat en aquesta regi\u00f3. Visiteu Montllu\u00eds, la ciutat fortificada m\u00e9s alta de Fran\u00e7a i Vilafranca de Conflent, el poble m\u00e9s bonic de Fran\u00e7a, fortificat per Vauban.<\/p>\n<p>Voleu descansar? Feu una capbussada a les aig\u00fces calentes naturals de Llo, de Sant Tom\u00e0s i de Dorres abans de gaudir d&#8217;un delici\u00f3s \u00e0pat muntanyenc t\u00edpic de la zona. Cassoulet, especialitats catalanes i franceses, pernils i formatges locals,&#8230; No sabreu qu\u00e8 escollir![\/vc_column_text][vc_empty_space][vc_masonry_media_grid gap=\u00bb10&#8243; item=\u00bb37&#8243; grid_id=\u00bbvc_gid:1672931532306-bc949c78-ae23-8&#8243; include=\u00bb368,382,380&#8243;]<\/div>[\/vc_column][\/vc_row][vc_row][vc_column]<div class=\"wrappedcontent\">[vc_column_text css=\u00bb.vc_custom_1601901180758{padding-top: 15px !important;padding-right: 15px !important;padding-bottom: 15px !important;padding-left: 15px !important;background-color: #e8e8e8 !important;}\u00bb]Trobareu nombrosos serveis al poble de Font-Romeu, a 300 metres: farm\u00e0cia, metge, dentista, supermercat. A \u00c8guet, a 5 minuts amb cotxe hi ha un supermercat Super U i un garatge. Tambi\u00e9n podr\u00e1s encontrar un gran supermercado Casino a 5 minutos del camping, en Bolqu\u00e9re.[\/vc_column_text][vc_empty_space height=\u00bb50px\u00bb][vc_row_inner equal_height=\u00bbyes\u00bb gap=\u00bb20&#8243; css=\u00bb.vc_custom_1531916847626{margin-left: -0.5px !important;}\u00bb][vc_column_inner width=\u00bb1\/4&#8243; css=\u00bb.vc_custom_1531916854170{background-color: #e8e8e8 !important;}\u00bb][vc_icon icon_fontawesome=\u00bbfa fa-camera\u00bb color=\u00bbcustom\u00bb size=\u00bblg\u00bb align=\u00bbcenter\u00bb custom_color=\u00bb#23afc2&#8243; link=\u00bburl:https%3A%2F%2Fwww.chalets-fontromeu.com%2Fes%2Fgalerie-photo%2F||target:%20_blank|\u00bb css=\u00bb.vc_custom_1536760213204{margin-bottom: -10px !important;padding-top: 15px !important;}\u00bb][vc_column_text css=\u00bb.vc_custom_1536760234328{padding-top: 25px !important;padding-right: 15px !important;padding-bottom: 15px !important;padding-left: 15px !important;}\u00bb]<\/p>\n<p style=\"text-align: center;\"><a href=\"https:\/\/www.chalets-fontromeu.com\/es\/galerie-photo\/\" target=\"_blank\" rel=\"noopener noreferrer\"><strong>Galer\u00eda de fotos<\/strong><\/a><\/p>\n<p>[\/vc_column_text][\/vc_column_inner][vc_column_inner width=\u00bb1\/4&#8243; css=\u00bb.vc_custom_1531916858384{background-color: #e8e8e8 !important;}\u00bb][vc_icon icon_fontawesome=\u00bb\u00bb color=\u00bbcustom\u00bb size=\u00bblg\u00bb align=\u00bbcenter\u00bb custom_color=\u00bb#23afc2&#8243; link=\u00bburl:https%3A%2F%2Fmedia.huttopia.com%2Fdestinations%2Ffont-romeu%2Fhuttopia-font-romeu-plan.pdf|target:_blank\u00bb css=\u00bb.vc_custom_1672931579678{margin-bottom: -10px !important;padding-top: 15px !important;}\u00bb][vc_column_text css=\u00bb.vc_custom_1672931574423{padding-top: 25px !important;padding-right: 15px !important;padding-bottom: 15px !important;padding-left: 15px !important;}\u00bb]<\/p>\n<p style=\"text-align: center;\"><a href=\"https:\/\/media.huttopia.com\/destinations\/font-romeu\/huttopia-font-romeu-plan.pdf\" target=\"_blank\" rel=\"noopener noreferrer\"><strong>Plano del camping<\/strong><\/a><\/p>\n<p>[\/vc_column_text][\/vc_column_inner][vc_column_inner width=\u00bb1\/4&#8243; css=\u00bb.vc_custom_1531916862801{background-color: #e8e8e8 !important;}\u00bb][vc_icon icon_fontawesome=\u00bbfa fa-calendar-check-o\u00bb color=\u00bbcustom\u00bb size=\u00bblg\u00bb align=\u00bbcenter\u00bb custom_color=\u00bb#23afc2&#8243; link=\u00bburl:http%3A%2F%2Fcheckout.huttopia.com%2Fredirect%2Fes%2F879||target:%20_blank|\u00bb css=\u00bb.vc_custom_1536760267367{margin-bottom: -10px !important;padding-top: 15px !important;}\u00bb][vc_column_text css=\u00bb.vc_custom_1536760286018{padding-top: 25px !important;padding-right: 15px !important;padding-bottom: 15px !important;padding-left: 15px !important;}\u00bb]<\/p>\n<p style=\"text-align: center;\"><a href=\"http:\/\/checkout.huttopia.com\/redirect\/es\/879\" target=\"_blank\" rel=\"noopener noreferrer\"><strong>Reserva tu estancia<\/strong><\/a><\/p>\n<p>[\/vc_column_text][\/vc_column_inner][vc_column_inner width=\u00bb1\/4&#8243; css=\u00bb.vc_custom_1531916867200{background-color: #e8e8e8 !important;}\u00bb][vc_icon icon_fontawesome=\u00bbfa fa-map-marker\u00bb color=\u00bbcustom\u00bb size=\u00bblg\u00bb align=\u00bbcenter\u00bb custom_color=\u00bb#23afc2&#8243; link=\u00bburl:https%3A%2F%2Fgoo.gl%2Fmaps%2FapC95cDt3kJ2||target:%20_blank|\u00bb css=\u00bb.vc_custom_1531917214192{margin-bottom: -10px !important;padding-top: 15px !important;}\u00bb][vc_column_text css=\u00bb.vc_custom_1536760295667{padding-top: 25px !important;padding-right: 15px !important;padding-bottom: 15px !important;padding-left: 15px !important;}\u00bb]<\/p>\n<p style=\"text-align: center;\"><a href=\"https:\/\/goo.gl\/maps\/apC95cDt3kJ2\" target=\"_blank\" rel=\"noopener noreferrer\"><strong>Ruta<\/strong><\/a><\/p>\n<p>[\/vc_column_text][\/vc_column_inner][\/vc_row_inner]<\/div>[\/vc_column][\/vc_row][vc_row css=\u00bb.vc_custom_1531916812099{background-color: #e8e8e8 !important;}\u00bb][vc_column]<div class=\"wrappedcontent\">[vc_column_text]<\/p>\n<h4>Fotografies de la regi\u00f3 i pistes d&#8217;esqu\u00ed de Font-Romeu \u2013 Pyr\u00e9n\u00e9es | Huttopia Font-Romeu<\/h4>\n<p>[\/vc_column_text][vc_empty_space height=\u00bb18px\u00bb][vc_masonry_media_grid style=\u00bbload-more\u00bb items_per_page=\u00bb4&#8243; element_width=\u00bb3&#8243; gap=\u00bb10&#8243; item=\u00bb39&#8243; btn_title=\u00bbSABER M\u00c0S\u00bb btn_style=\u00bbcustom\u00bb btn_custom_background=\u00bb#23afc2&#8243; btn_custom_text=\u00bb#ffffff\u00bb btn_shape=\u00bbsquare\u00bb btn_i_icon_fontawesome=\u00bbfa fa-camera\u00bb btn_add_icon=\u00bbtrue\u00bb grid_id=\u00bbvc_gid:1672931532314-ea161030-9129-3&#8243; include=\u00bb383,384,385,386,387,388,389,390,391,392,393,394,395&#8243;]<\/div>[vc_gmaps link=\u00bb#E-8_JTNDaWZyYW1lJTIwc3JjJTNEJTIyaHR0cHMlM0ElMkYlMkZ3d3cuZ29vZ2xlLmNvbSUyRm1hcHMlMkZlbWJlZCUzRnBiJTNEJTIxMW0xNCUyMTFtOCUyMTFtMyUyMTFkMTE3NjUuMTEzNTczNjU3NjE2JTIxMmQyLjA0NzA1MzklMjEzZDQyLjUwNjg5MTUlMjEzbTIlMjExaTEwMjQlMjEyaTc2OCUyMTRmMTMuMSUyMTNtMyUyMTFtMiUyMTFzMHgwJTI1M0EweDYxYTE4M2E4ZjAwMjk4MzYlMjEyc0NhbXBpbmclMkJIdXR0b3BpYSUyQkZvbnQtUm9tZXUlMjE1ZTAlMjEzbTIlMjExc2ZyJTIxMnNmciUyMTR2MTUyOTY3MzQyOTI0NCUyMiUyMHdpZHRoJTNEJTIyNjAwJTIyJTIwaGVpZ2h0JTNEJTIyNDUwJTIyJTIwZnJhbWVib3JkZXIlM0QlMjIwJTIyJTIwc3R5bGUlM0QlMjJib3JkZXIlM0EwJTIyJTIwYWxsb3dmdWxsc2NyZWVuJTNFJTNDJTJGaWZyYW1lJTNF\u00bb][\/vc_column][\/vc_row]<\/p>\n<\/div>","protected":false},"excerpt":{"rendered":"<p>[vc_row][vc_column][vc_single_image image=\u00bb374&#8243; img_size=\u00bb1900&#215;500&#8243;][\/vc_column][\/vc_row][vc_row][vc_column][\/vc_column][\/vc_row][vc_row css=\u00bb.vc_custom_1529673191531{background-color: #e8e8e8 !important;}\u00bb][vc_column][\/vc_column][\/vc_row][vc_row][vc_column][\/vc_column][\/vc_row][vc_row css=\u00bb.vc_custom_1529675099667{background-color: #e8e8e8 !important;}\u00bb][vc_column][\/vc_column][\/vc_row][vc_row][vc_column][\/vc_column][\/vc_row][vc_row css=\u00bb.vc_custom_1529674835998{background-color: #e8e8e8 !important;}\u00bb][vc_column][\/vc_column][\/vc_row][vc_row][vc_column][\/vc_column][\/vc_row][vc_row css=\u00bb.vc_custom_1531916812099{background-color: #e8e8e8 !important;}\u00bb][vc_column][vc_gmaps link=\u00bb#E-8_JTNDaWZyYW1lJTIwc3JjJTNEJTIyaHR0cHMlM0ElMkYlMkZ3d3cuZ29vZ2xlLmNvbSUyRm1hcHMlMkZlbWJlZCUzRnBiJTNEJTIxMW0xNCUyMTFtOCUyMTFtMyUyMTFkMTE3NjUuMTEzNTczNjU3NjE2JTIxMmQyLjA0NzA1MzklMjEzZDQyLjUwNjg5MTUlMjEzbTIlMjExaTEwMjQlMjEyaTc2OCUyMTRmMTMuMSUyMTNtMyUyMTFtMiUyMTFzMHgwJTI1M0EweDYxYTE4M2E4ZjAwMjk4MzYlMjEyc0NhbXBpbmclMkJIdXR0b3BpYSUyQkZvbnQtUm9tZXUlMjE1ZTAlMjEzbTIlMjExc2ZyJTIxMnNmciUyMTR2MTUyOTY3MzQyOTI0NCUyMiUyMHdpZHRoJTNEJTIyNjAwJTIyJTIwaGVpZ2h0JTNEJTIyNDUwJTIyJTIwZnJhbWVib3JkZXIlM0QlMjIwJTIyJTIwc3R5bGUlM0QlMjJib3JkZXIlM0EwJTIyJTIwYWxsb3dmdWxsc2NyZWVuJTNFJTNDJTJGaWZyYW1lJTNF\u00bb][\/vc_column][\/vc_row]<\/p>\n","protected":false},"author":1,"featured_media":0,"parent":0,"menu_order":0,"comment_status":"closed","ping_status":"closed","template":"","meta":{"footnotes":""},"class_list":["post-367","page","type-page","status-publish","hentry"],"yoast_head":"<!-- This site is optimized with the Yoast SEO plugin v25.6 - https:\/\/yoast.com\/wordpress\/plugins\/seo\/ -->\n<title>Descubre Pyr\u00e9n\u00e9es 2000, Font-Romeu y su regi\u00f3n - Chalets de Font-Romeu<\/title>\n<meta name=\"description\" content=\"Tenga unas buenas vacaciones en la monta\u00f1a con su familia o amigos en Font-Romeu. \u00a1Esqu\u00ed en la hermosa zona de los Pirineos 2000!\" \/>\n<meta name=\"robots\" content=\"index, follow, max-snippet:-1, max-image-preview:large, max-video-preview:-1\" \/>\n<link rel=\"canonical\" href=\"https:\/\/www.chalets-fontromeu.com\/es\/region\/\" \/>\n<meta property=\"og:locale\" content=\"es_ES\" \/>\n<meta property=\"og:type\" content=\"article\" \/>\n<meta property=\"og:title\" content=\"Descubre Pyr\u00e9n\u00e9es 2000, Font-Romeu y su regi\u00f3n - Chalets de Font-Romeu\" \/>\n<meta property=\"og:description\" content=\"Tenga unas buenas vacaciones en la monta\u00f1a con su familia o amigos en Font-Romeu. \u00a1Esqu\u00ed en la hermosa zona de los Pirineos 2000!\" \/>\n<meta property=\"og:url\" content=\"https:\/\/www.chalets-fontromeu.com\/es\/region\/\" \/>\n<meta property=\"og:site_name\" content=\"Les Chalets de Font-Romeu\" \/>\n<meta property=\"article:modified_time\" content=\"2023-01-05T15:13:04+00:00\" \/>\n<meta name=\"twitter:card\" content=\"summary_large_image\" \/>\n<meta name=\"twitter:label1\" content=\"Est. reading time\" \/>\n\t<meta name=\"twitter:data1\" content=\"3 minutos\" \/>\n<script type=\"application\/ld+json\" class=\"yoast-schema-graph\">{\"@context\":\"https:\/\/schema.org\",\"@graph\":[{\"@type\":\"WebPage\",\"@id\":\"https:\/\/www.chalets-fontromeu.com\/es\/region\/\",\"url\":\"https:\/\/www.chalets-fontromeu.com\/es\/region\/\",\"name\":\"Descubre Pyr\u00e9n\u00e9es 2000, Font-Romeu y su regi\u00f3n - Chalets de Font-Romeu\",\"isPartOf\":{\"@id\":\"https:\/\/www.chalets-fontromeu.com\/es\/#website\"},\"datePublished\":\"2018-06-21T15:59:59+00:00\",\"dateModified\":\"2023-01-05T15:13:04+00:00\",\"description\":\"Tenga unas buenas vacaciones en la monta\u00f1a con su familia o amigos en Font-Romeu. \u00a1Esqu\u00ed en la hermosa zona de los Pirineos 2000!\",\"breadcrumb\":{\"@id\":\"https:\/\/www.chalets-fontromeu.com\/es\/region\/#breadcrumb\"},\"inLanguage\":\"es\",\"potentialAction\":[{\"@type\":\"ReadAction\",\"target\":[\"https:\/\/www.chalets-fontromeu.com\/es\/region\/\"]}]},{\"@type\":\"BreadcrumbList\",\"@id\":\"https:\/\/www.chalets-fontromeu.com\/es\/region\/#breadcrumb\",\"itemListElement\":[{\"@type\":\"ListItem\",\"position\":1,\"name\":\"Home\",\"item\":\"https:\/\/www.chalets-fontromeu.com\/es\/\"},{\"@type\":\"ListItem\",\"position\":2,\"name\":\"Region\"}]},{\"@type\":\"WebSite\",\"@id\":\"https:\/\/www.chalets-fontromeu.com\/es\/#website\",\"url\":\"https:\/\/www.chalets-fontromeu.com\/es\/\",\"name\":\"Les Chalets de Font-Romeu\",\"description\":\"Just another Citykamp site\",\"potentialAction\":[{\"@type\":\"SearchAction\",\"target\":{\"@type\":\"EntryPoint\",\"urlTemplate\":\"https:\/\/www.chalets-fontromeu.com\/es\/?s={search_term_string}\"},\"query-input\":{\"@type\":\"PropertyValueSpecification\",\"valueRequired\":true,\"valueName\":\"search_term_string\"}}],\"inLanguage\":\"es\"}]}<\/script>\n<!-- \/ Yoast SEO plugin. -->","yoast_head_json":{"title":"Descubre Pyr\u00e9n\u00e9es 2000, Font-Romeu y su regi\u00f3n - Chalets de Font-Romeu","description":"Tenga unas buenas vacaciones en la monta\u00f1a con su familia o amigos en Font-Romeu. \u00a1Esqu\u00ed en la hermosa zona de los Pirineos 2000!","robots":{"index":"index","follow":"follow","max-snippet":"max-snippet:-1","max-image-preview":"max-image-preview:large","max-video-preview":"max-video-preview:-1"},"canonical":"https:\/\/www.chalets-fontromeu.com\/es\/region\/","og_locale":"es_ES","og_type":"article","og_title":"Descubre Pyr\u00e9n\u00e9es 2000, Font-Romeu y su regi\u00f3n - Chalets de Font-Romeu","og_description":"Tenga unas buenas vacaciones en la monta\u00f1a con su familia o amigos en Font-Romeu. \u00a1Esqu\u00ed en la hermosa zona de los Pirineos 2000!","og_url":"https:\/\/www.chalets-fontromeu.com\/es\/region\/","og_site_name":"Les Chalets de Font-Romeu","article_modified_time":"2023-01-05T15:13:04+00:00","twitter_card":"summary_large_image","twitter_misc":{"Est. reading time":"3 minutos"},"schema":{"@context":"https:\/\/schema.org","@graph":[{"@type":"WebPage","@id":"https:\/\/www.chalets-fontromeu.com\/es\/region\/","url":"https:\/\/www.chalets-fontromeu.com\/es\/region\/","name":"Descubre Pyr\u00e9n\u00e9es 2000, Font-Romeu y su regi\u00f3n - Chalets de Font-Romeu","isPartOf":{"@id":"https:\/\/www.chalets-fontromeu.com\/es\/#website"},"datePublished":"2018-06-21T15:59:59+00:00","dateModified":"2023-01-05T15:13:04+00:00","description":"Tenga unas buenas vacaciones en la monta\u00f1a con su familia o amigos en Font-Romeu. \u00a1Esqu\u00ed en la hermosa zona de los Pirineos 2000!","breadcrumb":{"@id":"https:\/\/www.chalets-fontromeu.com\/es\/region\/#breadcrumb"},"inLanguage":"es","potentialAction":[{"@type":"ReadAction","target":["https:\/\/www.chalets-fontromeu.com\/es\/region\/"]}]},{"@type":"BreadcrumbList","@id":"https:\/\/www.chalets-fontromeu.com\/es\/region\/#breadcrumb","itemListElement":[{"@type":"ListItem","position":1,"name":"Home","item":"https:\/\/www.chalets-fontromeu.com\/es\/"},{"@type":"ListItem","position":2,"name":"Region"}]},{"@type":"WebSite","@id":"https:\/\/www.chalets-fontromeu.com\/es\/#website","url":"https:\/\/www.chalets-fontromeu.com\/es\/","name":"Les Chalets de Font-Romeu","description":"Just another Citykamp site","potentialAction":[{"@type":"SearchAction","target":{"@type":"EntryPoint","urlTemplate":"https:\/\/www.chalets-fontromeu.com\/es\/?s={search_term_string}"},"query-input":{"@type":"PropertyValueSpecification","valueRequired":true,"valueName":"search_term_string"}}],"inLanguage":"es"}]}},"_links":{"self":[{"href":"https:\/\/www.chalets-fontromeu.com\/es\/wp-json\/wp\/v2\/pages\/367","targetHints":{"allow":["GET"]}}],"collection":[{"href":"https:\/\/www.chalets-fontromeu.com\/es\/wp-json\/wp\/v2\/pages"}],"about":[{"href":"https:\/\/www.chalets-fontromeu.com\/es\/wp-json\/wp\/v2\/types\/page"}],"author":[{"embeddable":true,"href":"https:\/\/www.chalets-fontromeu.com\/es\/wp-json\/wp\/v2\/users\/1"}],"replies":[{"embeddable":true,"href":"https:\/\/www.chalets-fontromeu.com\/es\/wp-json\/wp\/v2\/comments?post=367"}],"version-history":[{"count":3,"href":"https:\/\/www.chalets-fontromeu.com\/es\/wp-json\/wp\/v2\/pages\/367\/revisions"}],"predecessor-version":[{"id":1187,"href":"https:\/\/www.chalets-fontromeu.com\/es\/wp-json\/wp\/v2\/pages\/367\/revisions\/1187"}],"wp:attachment":[{"href":"https:\/\/www.chalets-fontromeu.com\/es\/wp-json\/wp\/v2\/media?parent=367"}],"curies":[{"name":"wp","href":"https:\/\/api.w.org\/{rel}","templated":true}]}}